{"id":22809,"date":"2025-01-19T23:34:32","date_gmt":"2025-01-19T23:34:32","guid":{"rendered":"https:\/\/effafood.com\/product\/black-olives-fici-tank-altin-261-320-orta-2\/"},"modified":"2025-02-08T10:51:33","modified_gmt":"2025-02-08T10:51:33","slug":"black-olives-fici-tank-altin-261-320-orta-2","status":"publish","type":"product","link":"https:\/\/effafood.com\/tr\/product\/black-olives-fici-tank-altin-261-320-orta-2\/","title":{"rendered":"Siyah Zeytin F\u0131\u00e7\u0131 261-320 Orta"},"content":{"rendered":"","protected":false},"excerpt":{"rendered":"<p>Akhisar K\u00f6y Sefas\u0131 Zeytin&#8217;den Premium Zeytin Zeytin, size Akhisar&#8217;\u0131n kalbinde yeti\u015fen en iyi zeytinleri getiriyor. Zeytinlerimiz \u00fcst\u00fcn kalite, zengin lezzet ve ola\u011fan\u00fcst\u00fc doku sunmak i\u00e7in \u00f6zenle se\u00e7ilir ve i\u015flenir. \u0130ki ana \u00e7e\u015fit sunuyoruz: Zengin, tuzlu tad\u0131yla bilinen Siyah Zeytin ve taze, gevrek tad\u0131yla \u00f6d\u00fcllendirilen Ye\u015fil Zeytin. Her zeytin, do\u011fal tad\u0131n\u0131 ve sa\u011fl\u0131\u011fa faydalar\u0131n\u0131 korumak i\u00e7in elle toplan\u0131r ve i\u015flenir. K\u00fc\u00e7\u00fck kavanozlar, daha b\u00fcy\u00fck teneke kutular ve toplu ambalajlar dahil olmak \u00fczere \u00e7e\u015fitli ambalaj se\u00e7enekleri sunarak birinci s\u0131n\u0131f zeytinlerimizin tad\u0131n\u0131 evinizde, i\u015f yerinizde veya toplant\u0131larda \u00e7\u0131karman\u0131z\u0131 kolayla\u015ft\u0131r\u0131r.<\/p>\n","protected":false},"featured_media":22528,"template":"","meta":[],"product_brand":[2898],"product_cat":[3123],"product_tag":[],"class_list":{"0":"post-22809","1":"product","2":"type-product","3":"status-publish","4":"has-post-thumbnail","6":"product_brand-koy-sefasi-tr","7":"product_cat-zeytin","8":"pa_barcode-8696591065409-tr","9":"pa_brand-koy-sefasi-tr","10":"pa_inbox-9-tr","11":"pa_pallet-72-tr","12":"pa_shelf-life-18-ay","13":"pa_weight-2-750-gr-tr","15":"first","16":"instock","17":"shipping-taxable","18":"product-type-simple"},"_links":{"self":[{"href":"https:\/\/effafood.com\/tr\/wp-json\/wp\/v2\/product\/22809","targetHints":{"allow":["GET"]}}],"collection":[{"href":"https:\/\/effafood.com\/tr\/wp-json\/wp\/v2\/product"}],"about":[{"href":"https:\/\/effafood.com\/tr\/wp-json\/wp\/v2\/types\/product"}],"version-history":[{"count":1,"href":"https:\/\/effafood.com\/tr\/wp-json\/wp\/v2\/product\/22809\/revisions"}],"predecessor-version":[{"id":22960,"href":"https:\/\/effafood.com\/tr\/wp-json\/wp\/v2\/product\/22809\/revisions\/22960"}],"wp:featuredmedia":[{"embeddable":true,"href":"https:\/\/effafood.com\/tr\/wp-json\/wp\/v2\/media\/22528"}],"wp:attachment":[{"href":"https:\/\/effafood.com\/tr\/wp-json\/wp\/v2\/media?parent=22809"}],"wp:term":[{"taxonomy":"product_brand","embeddable":true,"href":"https:\/\/effafood.com\/tr\/wp-json\/wp\/v2\/product_brand?post=22809"},{"taxonomy":"product_cat","embeddable":true,"href":"https:\/\/effafood.com\/tr\/wp-json\/wp\/v2\/product_cat?post=22809"},{"taxonomy":"product_tag","embeddable":true,"href":"https:\/\/effafood.com\/tr\/wp-json\/wp\/v2\/product_tag?post=22809"}],"curies":[{"name":"wp","href":"https:\/\/api.w.org\/{rel}","templated":true}]}}