{"id":21178,"date":"2025-01-12T18:03:33","date_gmt":"2025-01-12T18:03:33","guid":{"rendered":"https:\/\/effafood.com\/product\/everbis-kakao-ve-vanilya-dolgulu-dark-biskuvi\/"},"modified":"2025-01-19T12:30:28","modified_gmt":"2025-01-19T12:30:28","slug":"everbis-kakao-ve-vanilya-dolgulu-dark-biskuvi","status":"publish","type":"product","link":"https:\/\/effafood.com\/tr\/product\/everbis-kakao-ve-vanilya-dolgulu-dark-biskuvi\/","title":{"rendered":"Everbis Kakao ve Vanilya Dolgulu Siyah Bisk\u00fcvi"},"content":{"rendered":"","protected":false},"excerpt":{"rendered":"<p>EVERBIS KAKAO VE VAN\u0130LYA DOLGULU KOYU \u015eEKERL\u0130 B\u0130SK\u00dcV\u0130<\/p>\n<p>Kakao ve vanilya dolgulu Everbis Siyah \u015fekerli bisk\u00fcviler, her evde bulunmas\u0131 gereken bir \u00fcr\u00fcnd\u00fcr. Bu k\u0131t\u0131r k\u0131t\u0131r, lezzetli sandvi\u00e7 bisk\u00fcviler, yumu\u015fak, narin bir vanilya kremas\u0131 ile doldurulur, dokular\u0131n ve tatlar\u0131n keyifli bir dengesini olu\u015fturur. Aile boyu kullan\u0131\u015fl\u0131 bir pakette sunulan bu bisk\u00fcviler, sevdiklerinizle payla\u015fmak ve mutluluk dolu anlar yaratmak i\u00e7in m\u00fckemmeldir. Her \u0131s\u0131r\u0131kta Everbis Siyah&#8217;\u0131n ho\u015fg\u00f6r\u00fcs\u00fcn\u00fcn tad\u0131n\u0131 \u00e7\u0131kar\u0131n!<\/p>\n","protected":false},"featured_media":21175,"template":"","meta":[],"product_brand":[2896],"product_cat":[442],"product_tag":[],"class_list":{"0":"post-21178","1":"product","2":"type-product","3":"status-publish","4":"has-post-thumbnail","6":"product_brand-kbf-tr","7":"product_cat-atistirmalik","8":"pa_barcode-4823017509184-tr","9":"pa_brand-kbf-tr","10":"pa_inbox-12-tr","11":"pa_pallet-153-tr","12":"pa_shelf-life-12-ay","13":"pa_weight-2-288-gr-tr","15":"first","16":"instock","17":"shipping-taxable","18":"product-type-simple"},"_links":{"self":[{"href":"https:\/\/effafood.com\/tr\/wp-json\/wp\/v2\/product\/21178","targetHints":{"allow":["GET"]}}],"collection":[{"href":"https:\/\/effafood.com\/tr\/wp-json\/wp\/v2\/product"}],"about":[{"href":"https:\/\/effafood.com\/tr\/wp-json\/wp\/v2\/types\/product"}],"version-history":[{"count":1,"href":"https:\/\/effafood.com\/tr\/wp-json\/wp\/v2\/product\/21178\/revisions"}],"predecessor-version":[{"id":22001,"href":"https:\/\/effafood.com\/tr\/wp-json\/wp\/v2\/product\/21178\/revisions\/22001"}],"wp:featuredmedia":[{"embeddable":true,"href":"https:\/\/effafood.com\/tr\/wp-json\/wp\/v2\/media\/21175"}],"wp:attachment":[{"href":"https:\/\/effafood.com\/tr\/wp-json\/wp\/v2\/media?parent=21178"}],"wp:term":[{"taxonomy":"product_brand","embeddable":true,"href":"https:\/\/effafood.com\/tr\/wp-json\/wp\/v2\/product_brand?post=21178"},{"taxonomy":"product_cat","embeddable":true,"href":"https:\/\/effafood.com\/tr\/wp-json\/wp\/v2\/product_cat?post=21178"},{"taxonomy":"product_tag","embeddable":true,"href":"https:\/\/effafood.com\/tr\/wp-json\/wp\/v2\/product_tag?post=21178"}],"curies":[{"name":"wp","href":"https:\/\/api.w.org\/{rel}","templated":true}]}}