{"id":20889,"date":"2025-01-12T12:37:12","date_gmt":"2025-01-12T12:37:12","guid":{"rendered":"https:\/\/effafood.com\/product\/minnettar-karisik-meyve-aromali-lokum\/"},"modified":"2025-01-12T13:33:56","modified_gmt":"2025-01-12T13:33:56","slug":"minnettar-karisik-meyve-aromali-lokum","status":"publish","type":"product","link":"https:\/\/effafood.com\/tr\/product\/minnettar-karisik-meyve-aromali-lokum\/","title":{"rendered":"Minnettar Kar\u0131\u015f\u0131k Meyve Aromal\u0131 Lokum"},"content":{"rendered":"","protected":false},"excerpt":{"rendered":"<p><strong>Minnettar Kar\u0131\u015f\u0131k Meyve Aromal\u0131 \u00d6zel Lokum 300g<\/strong>, klasik T\u00fcrk lokumuna canl\u0131 ve ferahlat\u0131c\u0131 bir dokunu\u015f. Bu \u00f6zel lokum, do\u011fal meyve aromalar\u0131n\u0131n bir kar\u0131\u015f\u0131m\u0131 ile a\u015f\u0131lanm\u0131\u015ft\u0131r ve her \u0131s\u0131r\u0131kta damak tad\u0131n\u0131z\u0131 k\u0131\u015fk\u0131rtan narenciye, dut ve tropikal notalar\u0131n keyifli bir kar\u0131\u015f\u0131m\u0131n\u0131 sunar.<\/p>\n<p>Meyvemsi aromalar ile lokumun yumu\u015fak, a\u011f\u0131zda eriyen dokusunun birle\u015fimi, m\u00fckemmel bir tatl\u0131l\u0131k ve ferahl\u0131k dengesi yarat\u0131r. En iyi malzemelerle \u00fcretilen <strong>Minnettar Kar\u0131\u015f\u0131k Meyve Aromal\u0131 \u00d6zel Lokum<\/strong>, geleneksel bir ikram\u0131n modern bir yorumunun tad\u0131n\u0131 \u00e7\u0131karmak isteyenler i\u00e7in m\u00fckemmel bir se\u00e7imdir. \u0130ster bir kutlamada servis edin, ister sevdiklerinize hediye edin ya da sadece tatl\u0131 bir keyif an\u0131n\u0131n tad\u0131n\u0131 \u00e7\u0131kar\u0131n, bu lokum her par\u00e7as\u0131nda meyveli bir zevk patlamas\u0131 sa\u011flar.<\/p>\n<p>E\u015fsiz lezzet profili, onu herhangi bir tatl\u0131 masas\u0131na m\u00fckemmel bir katk\u0131 veya meyve severler i\u00e7in tek ba\u015f\u0131na bir ikram haline getirir. <strong>Minnettar Kar\u0131\u015f\u0131k Meyve Aromal\u0131 \u00d6zel Lokum<\/strong> ile her \u0131s\u0131r\u0131kta do\u011fan\u0131n tazeli\u011finin ve tatl\u0131l\u0131\u011f\u0131n\u0131n tad\u0131n\u0131 \u00e7\u0131kar\u0131n.<\/p>\n","protected":false},"featured_media":20832,"template":"","meta":[],"product_brand":[2907],"product_cat":[442],"product_tag":[],"class_list":{"0":"post-20889","1":"product","2":"type-product","3":"status-publish","4":"has-post-thumbnail","6":"product_brand-sekeroglu-tr","7":"product_cat-atistirmalik","8":"pa_barcode-8695820020165-tr","9":"pa_brand-sekeroglu-tr","10":"pa_inbox-12-tr","11":"pa_pallet-81-tr","12":"pa_shelf-life-12-ay","13":"pa_weight-2-300-gr-tr","15":"first","16":"instock","17":"shipping-taxable","18":"product-type-simple"},"_links":{"self":[{"href":"https:\/\/effafood.com\/tr\/wp-json\/wp\/v2\/product\/20889","targetHints":{"allow":["GET"]}}],"collection":[{"href":"https:\/\/effafood.com\/tr\/wp-json\/wp\/v2\/product"}],"about":[{"href":"https:\/\/effafood.com\/tr\/wp-json\/wp\/v2\/types\/product"}],"version-history":[{"count":3,"href":"https:\/\/effafood.com\/tr\/wp-json\/wp\/v2\/product\/20889\/revisions"}],"predecessor-version":[{"id":20919,"href":"https:\/\/effafood.com\/tr\/wp-json\/wp\/v2\/product\/20889\/revisions\/20919"}],"wp:featuredmedia":[{"embeddable":true,"href":"https:\/\/effafood.com\/tr\/wp-json\/wp\/v2\/media\/20832"}],"wp:attachment":[{"href":"https:\/\/effafood.com\/tr\/wp-json\/wp\/v2\/media?parent=20889"}],"wp:term":[{"taxonomy":"product_brand","embeddable":true,"href":"https:\/\/effafood.com\/tr\/wp-json\/wp\/v2\/product_brand?post=20889"},{"taxonomy":"product_cat","embeddable":true,"href":"https:\/\/effafood.com\/tr\/wp-json\/wp\/v2\/product_cat?post=20889"},{"taxonomy":"product_tag","embeddable":true,"href":"https:\/\/effafood.com\/tr\/wp-json\/wp\/v2\/product_tag?post=20889"}],"curies":[{"name":"wp","href":"https:\/\/api.w.org\/{rel}","templated":true}]}}