{"id":20639,"date":"2024-12-28T21:50:48","date_gmt":"2024-12-28T21:50:48","guid":{"rendered":"https:\/\/effafood.com\/product\/minnettar-osmanli-kahve\/"},"modified":"2025-01-12T13:46:27","modified_gmt":"2025-01-12T13:46:27","slug":"minnettar-osmanli-kahve","status":"publish","type":"product","link":"https:\/\/effafood.com\/tr\/product\/minnettar-osmanli-kahve\/","title":{"rendered":"Minnettar Osmanl\u0131 Kahve"},"content":{"rendered":"","protected":false},"excerpt":{"rendered":"<div class=\"woocommerce-product-details__short-description\">\n<p>Minnettar Osmanl\u0131 Kahvesi son zamanlarda herkesin dilinde. Bir\u00e7ok aromas\u0131yla lezzet \u015f\u00f6leni sunan Osmanl\u0131 Kahvesi, yumu\u015fak, tatl\u0131 ve aromatik tad\u0131yla her ya\u015ftan insan\u0131n favorisi.<\/p>\n<p>Geleneksel ve y\u00f6resel y\u00f6ntemlerle \u00fcretilen Osmanl\u0131 Kahvesi, klasik kahveden s\u0131k\u0131l\u0131p farkl\u0131 bir lezzet arad\u0131\u011f\u0131n\u0131zda ya da kahveye kar\u015f\u0131 hassasiyetiniz oldu\u011funda yard\u0131m\u0131n\u0131za ko\u015facak lezzetli bir kahve. Ke\u00e7i boynuzu ve menengi\u00e7 gibi bir\u00e7ok lezzeti b\u00fcnyesinde bar\u0131nd\u0131r\u0131r.<\/p>\n<\/div>\n","protected":false},"featured_media":20605,"template":"","meta":[],"product_brand":[2907],"product_cat":[902],"product_tag":[],"class_list":{"0":"post-20639","1":"product","2":"type-product","3":"status-publish","4":"has-post-thumbnail","6":"product_brand-sekeroglu-tr","7":"product_cat-kahve","8":"pa_barcode-8695820017325-tr","9":"pa_brand-sekeroglu-tr","10":"pa_inbox-12-tr","11":"pa_pallet-224-tr","12":"pa_shelf-life-24-ay","13":"pa_weight-2-165-gr-tr","15":"first","16":"instock","17":"shipping-taxable","18":"product-type-simple"},"_links":{"self":[{"href":"https:\/\/effafood.com\/tr\/wp-json\/wp\/v2\/product\/20639","targetHints":{"allow":["GET"]}}],"collection":[{"href":"https:\/\/effafood.com\/tr\/wp-json\/wp\/v2\/product"}],"about":[{"href":"https:\/\/effafood.com\/tr\/wp-json\/wp\/v2\/types\/product"}],"version-history":[{"count":2,"href":"https:\/\/effafood.com\/tr\/wp-json\/wp\/v2\/product\/20639\/revisions"}],"predecessor-version":[{"id":20944,"href":"https:\/\/effafood.com\/tr\/wp-json\/wp\/v2\/product\/20639\/revisions\/20944"}],"wp:featuredmedia":[{"embeddable":true,"href":"https:\/\/effafood.com\/tr\/wp-json\/wp\/v2\/media\/20605"}],"wp:attachment":[{"href":"https:\/\/effafood.com\/tr\/wp-json\/wp\/v2\/media?parent=20639"}],"wp:term":[{"taxonomy":"product_brand","embeddable":true,"href":"https:\/\/effafood.com\/tr\/wp-json\/wp\/v2\/product_brand?post=20639"},{"taxonomy":"product_cat","embeddable":true,"href":"https:\/\/effafood.com\/tr\/wp-json\/wp\/v2\/product_cat?post=20639"},{"taxonomy":"product_tag","embeddable":true,"href":"https:\/\/effafood.com\/tr\/wp-json\/wp\/v2\/product_tag?post=20639"}],"curies":[{"name":"wp","href":"https:\/\/api.w.org\/{rel}","templated":true}]}}